{"id":3401,"date":"2026-08-26T17:31:55","date_gmt":"2026-08-26T17:31:55","guid":{"rendered":"https:\/\/valko.be\/tarifs\/"},"modified":"2026-08-26T17:33:39","modified_gmt":"2026-08-26T17:33:39","slug":"tarifs","status":"publish","type":"page","link":"https:\/\/valko.be\/fr\/tarifs\/","title":{"rendered":"Tarifs"},"content":{"rendered":"<section class=\"l-section wpb_row us_custom_815c1c57 height_auto\"><div class=\"l-section-h i-cf\"><div class=\"g-cols vc_row via_flex valign_top type_default stacking_default\"><div class=\"vc_col-sm-12 wpb_column vc_column_container\"><div class=\"vc_column-inner\"><div class=\"wpb_wrapper\"><div class=\"wpb_text_column\"><div class=\"wpb_wrapper\"><p class=\"valko-prijzen-intro\">Tous les tarifs sont TVA comprise et en euros. Les prix s\u2019appliquent par type de v\u00e9hicule et par p\u00e9riode de location. Le carburant n\u2019est pas inclus.<\/p>\n<h2>Camionnettes et camions l\u00e9gers<\/h2>\n<table class=\"valko-prijzen\">\n<thead>\n<tr>\n<th>Type<\/th>\n<th>V\u00e9hicule<\/th>\n<th>Volume<\/th>\n<th>Jour<\/th>\n<th>Week-end<\/th>\n<th>Semaine<\/th>\n<th>Mois<\/th>\n<th>Omnium \/ jour<\/th>\n<th>Garantie<\/th>\n<\/tr>\n<\/thead>\n<tbody>\n<tr>\n<td><strong>A<\/strong><\/td>\n<td>Ford Transit \u2014 600 kg<\/td>\n<td>6,8 m\u00b3<\/td>\n<td>\u20ac 56<\/td>\n<td>\u20ac 104<\/td>\n<td>\u20ac 320<\/td>\n<td>\u20ac 920<\/td>\n<td>\u20ac 9<\/td>\n<td>\u20ac 250<\/td>\n<\/tr>\n<tr>\n<td><strong>A+<\/strong><\/td>\n<td>Mercedes Sprinter \u2014 1.000 kg<\/td>\n<td>7,5 m\u00b3<\/td>\n<td>\u20ac 59<\/td>\n<td>\u20ac 110<\/td>\n<td>\u20ac 360<\/td>\n<td>\u20ac 990<\/td>\n<td>\u20ac 12<\/td>\n<td>\u20ac 250<\/td>\n<\/tr>\n<tr>\n<td><strong>B<\/strong><\/td>\n<td>Camion de d\u00e9m\u00e9nagement avec hayon \u2014 1.000 kg<\/td>\n<td>20 m\u00b3<\/td>\n<td>\u20ac 79<\/td>\n<td>\u20ac 164<\/td>\n<td>\u20ac 460<\/td>\n<td>\u20ac 1.150<\/td>\n<td>\u20ac 14<\/td>\n<td>\u20ac 500<\/td>\n<\/tr>\n<\/tbody>\n<\/table>\n<p>Le hayon \u00e9l\u00e9vateur sur le camion de d\u00e9m\u00e9nagement co\u00fbte \u20ac 20 par jour.<\/p>\n<h2>Minibus (8 + 1 places)<\/h2>\n<table class=\"valko-prijzen\">\n<thead>\n<tr>\n<th>Type<\/th>\n<th>V\u00e9hicule<\/th>\n<th>Jour<\/th>\n<th>Week-end<\/th>\n<th>Semaine<\/th>\n<th>Mois<\/th>\n<th>Omnium \/ jour<\/th>\n<th>Garantie<\/th>\n<\/tr>\n<\/thead>\n<tbody>\n<tr>\n<td><strong>H<\/strong><\/td>\n<td>Ford Transit 8 + 1 \u2014 hors vacances scolaires<\/td>\n<td>\u20ac 85<\/td>\n<td>\u20ac 170<\/td>\n<td>\u20ac 430<\/td>\n<td>\u20ac 1.240<\/td>\n<td>\u20ac 14<\/td>\n<td>\u20ac 250<\/td>\n<\/tr>\n<tr>\n<td><strong>H<\/strong><\/td>\n<td>Ford Transit 8 + 1 \u2014 vacances scolaires<\/td>\n<td>\u20ac 95<\/td>\n<td>\u20ac 190<\/td>\n<td>\u20ac 580<\/td>\n<td>\u20ac 1.440<\/td>\n<td>\u20ac 14<\/td>\n<td>\u20ac 250<\/td>\n<\/tr>\n<\/tbody>\n<\/table>\n<h2>Voitures<\/h2>\n<table class=\"valko-prijzen\">\n<thead>\n<tr>\n<th>Type<\/th>\n<th>V\u00e9hicule<\/th>\n<th>Jour<\/th>\n<th>Week-end<\/th>\n<th>Semaine<\/th>\n<th>Mois<\/th>\n<th>Omnium \/ jour<\/th>\n<th>Garantie<\/th>\n<\/tr>\n<\/thead>\n<tbody>\n<tr>\n<td><strong>A<\/strong><\/td>\n<td>Peugeot 107 \u00b7 Nissan Pixo \u00b7 Ford Ka<\/td>\n<td>\u20ac 32<\/td>\n<td>\u20ac 64<\/td>\n<td>\u20ac 190<\/td>\n<td>\u20ac 620<\/td>\n<td>\u20ac 8<\/td>\n<td>\u20ac 250<\/td>\n<\/tr>\n<tr>\n<td><strong>B<\/strong><\/td>\n<td>Peugeot 206 \u00b7 Toyota Yaris \u00b7 Nissan Micra<\/td>\n<td>\u20ac 35<\/td>\n<td>\u20ac 70<\/td>\n<td>\u20ac 210<\/td>\n<td>\u20ac 750<\/td>\n<td>\u20ac 8<\/td>\n<td>\u20ac 250<\/td>\n<\/tr>\n<tr>\n<td><strong>C<\/strong><\/td>\n<td>Peugeot 206 \u00b7 Opel Corsa \u00b7 Nissan Micra<\/td>\n<td>\u20ac 38<\/td>\n<td>\u20ac 76<\/td>\n<td>\u20ac 230<\/td>\n<td>\u20ac 880<\/td>\n<td>\u20ac 9<\/td>\n<td>\u20ac 250<\/td>\n<\/tr>\n<tr>\n<td><strong>D<\/strong><\/td>\n<td>Peugeot 208 \u00b7 Opel Corsa automaat<\/td>\n<td>\u20ac 45<\/td>\n<td>\u20ac 90<\/td>\n<td>\u20ac 270<\/td>\n<td>\u20ac 920<\/td>\n<td>\u20ac 11<\/td>\n<td>\u20ac 250<\/td>\n<\/tr>\n<tr>\n<td><strong>E<\/strong><\/td>\n<td>Peugeot 308 \u00b7 Peugeot 208 automaat<\/td>\n<td>\u20ac 48<\/td>\n<td>\u20ac 96<\/td>\n<td>\u20ac 290<\/td>\n<td>\u20ac 1.030<\/td>\n<td>\u20ac 11<\/td>\n<td>\u20ac 250<\/td>\n<\/tr>\n<tr>\n<td><strong>F<\/strong><\/td>\n<td>Peugeot 308 automaat<\/td>\n<td>\u20ac 65<\/td>\n<td>\u20ac 130<\/td>\n<td>\u20ac 390<\/td>\n<td>\u20ac 1.150<\/td>\n<td>\u20ac 12<\/td>\n<td>\u20ac 500<\/td>\n<\/tr>\n<\/tbody>\n<\/table>\n<p class=\"valko-prijzen-noot\">Le week-end court du vendredi 18h00 au lundi 08h00. Les tarifs semaine et mois s\u2019appliquent du lundi au vendredi, de 08h00 \u00e0 17h00. Les tarifs demi-journ\u00e9e, nuit, samedi et dimanche figurent dans le tarif complet. Le tarif mensuel comprend 3.000 km ; au-del\u00e0, \u20ac 0,20 par kilom\u00e8tre.<\/p>\n<p><a class=\"valko-prijzen-cta\" href=\"https:\/\/valko.be\/fr\/location-camion\/\">R\u00e9server en ligne<\/a> &nbsp;\u00b7&nbsp; <a href=\"\/wp-content\/uploads\/2025\/03\/Prijslijst-2025.pdf\">T\u00e9l\u00e9charger le tarif complet (PDF)<\/a><\/p>\n<\/div><\/div><\/div><\/div><\/div><\/div><\/div><\/section>\n","protected":false},"excerpt":{"rendered":"<p>Tous les tarifs sont TVA comprise et en euros. Les prix s\u2019appliquent par type de v\u00e9hicule et par p\u00e9riode de location. Le carburant n\u2019est pas inclus.<\/p>\n","protected":false},"author":1,"featured_media":0,"parent":0,"menu_order":0,"comment_status":"closed","ping_status":"closed","template":"","meta":{"_acf_changed":false,"footnotes":""},"class_list":["post-3401","page","type-page","status-publish","hentry"],"acf":[],"_links":{"self":[{"href":"https:\/\/valko.be\/fr\/wp-json\/wp\/v2\/pages\/3401","targetHints":{"allow":["GET"]}}],"collection":[{"href":"https:\/\/valko.be\/fr\/wp-json\/wp\/v2\/pages"}],"about":[{"href":"https:\/\/valko.be\/fr\/wp-json\/wp\/v2\/types\/page"}],"author":[{"embeddable":true,"href":"https:\/\/valko.be\/fr\/wp-json\/wp\/v2\/users\/1"}],"replies":[{"embeddable":true,"href":"https:\/\/valko.be\/fr\/wp-json\/wp\/v2\/comments?post=3401"}],"version-history":[{"count":1,"href":"https:\/\/valko.be\/fr\/wp-json\/wp\/v2\/pages\/3401\/revisions"}],"predecessor-version":[{"id":3404,"href":"https:\/\/valko.be\/fr\/wp-json\/wp\/v2\/pages\/3401\/revisions\/3404"}],"wp:attachment":[{"href":"https:\/\/valko.be\/fr\/wp-json\/wp\/v2\/media?parent=3401"}],"curies":[{"name":"wp","href":"https:\/\/api.w.org\/{rel}","templated":true}]}}