{"id":3415,"date":"2026-08-26T18:08:45","date_gmt":"2026-08-26T18:08:45","guid":{"rendered":"https:\/\/valko.be\/contact\/"},"modified":"2026-08-26T18:08:45","modified_gmt":"2026-08-26T18:08:45","slug":"contact","status":"publish","type":"page","link":"https:\/\/valko.be\/fr\/contact\/","title":{"rendered":"Contact"},"content":{"rendered":"<section class=\"l-section wpb_row us_custom_815c1c57 height_auto\"><div class=\"l-section-h i-cf\"><div class=\"g-cols vc_row via_flex valign_top type_default stacking_default\"><div class=\"vc_col-sm-12 wpb_column vc_column_container\"><div class=\"vc_column-inner\"><div class=\"wpb_wrapper\"><div class=\"wpb_text_column\"><div class=\"wpb_wrapper\"><p class=\"valko-contact-intro\">Valko Rent a Car dispose d\u2019un seul comptoir, \u00e0 Wilrijk pr\u00e8s d\u2019Anvers. Les v\u00e9hicules y sont retir\u00e9s et rendus.<\/p>\n<div class=\"valko-contact-grid\">\n<div>\n<h2>Adresse<\/h2>\n<p><strong>Valko BV<\/strong><br \/>Prins Boudewijnlaan 168<br \/>2610 Wilrijk (Antwerpen)<br \/>Belgi\u00eb<\/p>\n<p><a href=\"https:\/\/maps.google.com\/?cid=8341312185544078650\" target=\"_blank\" rel=\"noopener\">Voir sur Google Maps<\/a><\/p>\n<p>Num\u00e9ro d\u2019entreprise: BE 0428.397.431<\/p>\n<\/div>\n<div>\n<h2>Nous joindre<\/h2>\n<p><a href=\"tel:+3234498800\">+32 3 449 88 00<\/a><br \/><a href=\"mailto:balie@valko.be\">balie@valko.be<\/a><\/p>\n<p><a class=\"valko-contact-cta\" href=\"https:\/\/valko.be\/fr\/location-camion\/\">R\u00e9server en ligne<\/a><\/p>\n<\/div>\n<div>\n<h2>Heures d\u2019ouverture<\/h2>\n<table class=\"valko-contact-uren\">\n<tr>\n<th>Lundi<\/th>\n<td>08:00 \u2013 18:00<\/td>\n<\/tr>\n<tr>\n<th>Mardi<\/th>\n<td>08:00 \u2013 18:00<\/td>\n<\/tr>\n<tr>\n<th>Mercredi<\/th>\n<td>08:00 \u2013 18:00<\/td>\n<\/tr>\n<tr>\n<th>Jeudi<\/th>\n<td>08:00 \u2013 18:00<\/td>\n<\/tr>\n<tr>\n<th>Vendredi<\/th>\n<td>08:00 \u2013 18:00<\/td>\n<\/tr>\n<tr>\n<th>Samedi<\/th>\n<td>Ferm\u00e9<\/td>\n<\/tr>\n<tr>\n<th>Dimanche<\/th>\n<td>Ferm\u00e9<\/td>\n<\/tr>\n<\/table>\n<\/div>\n<\/div>\n<h2>Trouver le comptoir<\/h2>\n<p>Le comptoir se situe Prins Boudewijnlaan \u00e0 Wilrijk, \u00e0 proximit\u00e9 du ring R11.<\/p>\n<p class=\"valko-contact-nb\">Les r\u00e9servations se font en ligne ou par t\u00e9l\u00e9phone. Nous confirmons chaque demande par e-mail \u2014 une demande n\u2019est d\u00e9finitive qu\u2019apr\u00e8s cette confirmation.<\/p>\n<\/div><\/div><\/div><\/div><\/div><\/div><\/div><\/section>\n","protected":false},"excerpt":{"rendered":"<p>Valko Rent a Car dispose d\u2019un seul comptoir, \u00e0 Wilrijk pr\u00e8s d\u2019Anvers. Les v\u00e9hicules y sont retir\u00e9s et rendus.<\/p>\n","protected":false},"author":1,"featured_media":0,"parent":0,"menu_order":0,"comment_status":"closed","ping_status":"closed","template":"","meta":{"_acf_changed":false,"footnotes":""},"class_list":["post-3415","page","type-page","status-publish","hentry"],"acf":[],"_links":{"self":[{"href":"https:\/\/valko.be\/fr\/wp-json\/wp\/v2\/pages\/3415","targetHints":{"allow":["GET"]}}],"collection":[{"href":"https:\/\/valko.be\/fr\/wp-json\/wp\/v2\/pages"}],"about":[{"href":"https:\/\/valko.be\/fr\/wp-json\/wp\/v2\/types\/page"}],"author":[{"embeddable":true,"href":"https:\/\/valko.be\/fr\/wp-json\/wp\/v2\/users\/1"}],"replies":[{"embeddable":true,"href":"https:\/\/valko.be\/fr\/wp-json\/wp\/v2\/comments?post=3415"}],"version-history":[{"count":0,"href":"https:\/\/valko.be\/fr\/wp-json\/wp\/v2\/pages\/3415\/revisions"}],"wp:attachment":[{"href":"https:\/\/valko.be\/fr\/wp-json\/wp\/v2\/media?parent=3415"}],"curies":[{"name":"wp","href":"https:\/\/api.w.org\/{rel}","templated":true}]}}